{"id":32,"date":"2015-11-16T21:34:46","date_gmt":"2015-11-16T21:34:46","guid":{"rendered":"http:\/\/buergerfunk-siwi.de\/?page_id=32"},"modified":"2025-12-27T16:55:24","modified_gmt":"2025-12-27T15:55:24","slug":"studio","status":"publish","type":"page","link":"https:\/\/buergerfunk-siwi.de\/?page_id=32","title":{"rendered":"Studio"},"content":{"rendered":"<p><a href=\"http:\/\/buergerfunk-siwi.de\/wp-content\/uploads\/2015\/11\/DSC_0341-1-klein-crop.jpg\"><img loading=\"lazy\" decoding=\"async\" class=\"alignnone wp-image-47 size-full\" src=\"http:\/\/buergerfunk-siwi.de\/wp-content\/uploads\/2015\/11\/DSC_0341-1-klein-crop.jpg\" alt=\"DSC_0341-1-klein-crop\" width=\"1023\" height=\"292\" srcset=\"https:\/\/buergerfunk-siwi.de\/wp-content\/uploads\/2015\/11\/DSC_0341-1-klein-crop.jpg 1023w, https:\/\/buergerfunk-siwi.de\/wp-content\/uploads\/2015\/11\/DSC_0341-1-klein-crop-300x86.jpg 300w\" sizes=\"(max-width: 1023px) 100vw, 1023px\" \/><\/a><\/p>\n<p>F\u00fcr unsere Aufnahmen, auch mit Studiog\u00e4sten, verwenden\u00a0wir unser Tonstudio in der<br \/>\n<strong>Alten Hammerh\u00fctter Schule an der Koblenzer Stra\u00dfe in 57072 Siegen<\/strong>. Zus\u00e4tzlich verf\u00fcgen wir \u00fcber mobile Aufnahmeger\u00e4te, um auch unterwegs zum Beispiel auf Veranstaltungen ihre ganz pers\u00f6nliche\u00a0Meinung zu einem Thema einzufangen.<\/p>\n<p><a href=\"http:\/\/buergerfunk-siwi.de\/wp-content\/uploads\/2015\/11\/studio.jpg\"><img loading=\"lazy\" decoding=\"async\" class=\"wp-image-41 aligncenter\" src=\"http:\/\/buergerfunk-siwi.de\/wp-content\/uploads\/2015\/11\/studio.jpg\" alt=\"studio\" width=\"677\" height=\"463\" srcset=\"https:\/\/buergerfunk-siwi.de\/wp-content\/uploads\/2015\/11\/studio.jpg 1024w, https:\/\/buergerfunk-siwi.de\/wp-content\/uploads\/2015\/11\/studio-300x205.jpg 300w\" sizes=\"(max-width: 677px) 100vw, 677px\" \/><\/a><\/p>\n<div class=\"mceTemp\"><\/div>\n","protected":false},"excerpt":{"rendered":"<p>F\u00fcr unsere Aufnahmen, auch mit Studiog\u00e4sten, verwenden\u00a0wir unser Tonstudio in der Alten Hammerh\u00fctter Schule an der Koblenzer Stra\u00dfe in 57072 Siegen. Zus\u00e4tzlich verf\u00fcgen wir \u00fcber mobile Aufnahmeger\u00e4te, um auch unterwegs zum Beispiel auf Veranstaltungen ihre ganz pers\u00f6nliche\u00a0Meinung zu einem Thema einzufangen.<\/p>\n","protected":false},"author":2,"featured_media":0,"parent":0,"menu_order":1,"comment_status":"closed","ping_status":"closed","template":"","meta":{"footnotes":""},"_links":{"self":[{"href":"https:\/\/buergerfunk-siwi.de\/index.php?rest_route=\/wp\/v2\/pages\/32"}],"collection":[{"href":"https:\/\/buergerfunk-siwi.de\/index.php?rest_route=\/wp\/v2\/pages"}],"about":[{"href":"https:\/\/buergerfunk-siwi.de\/index.php?rest_route=\/wp\/v2\/types\/page"}],"author":[{"embeddable":true,"href":"https:\/\/buergerfunk-siwi.de\/index.php?rest_route=\/wp\/v2\/users\/2"}],"replies":[{"embeddable":true,"href":"https:\/\/buergerfunk-siwi.de\/index.php?rest_route=%2Fwp%2Fv2%2Fcomments&post=32"}],"version-history":[{"count":20,"href":"https:\/\/buergerfunk-siwi.de\/index.php?rest_route=\/wp\/v2\/pages\/32\/revisions"}],"predecessor-version":[{"id":1676,"href":"https:\/\/buergerfunk-siwi.de\/index.php?rest_route=\/wp\/v2\/pages\/32\/revisions\/1676"}],"wp:attachment":[{"href":"https:\/\/buergerfunk-siwi.de\/index.php?rest_route=%2Fwp%2Fv2%2Fmedia&parent=32"}],"curies":[{"name":"wp","href":"https:\/\/api.w.org\/{rel}","templated":true}]}}