{"id":24,"date":"2015-11-16T21:32:10","date_gmt":"2015-11-16T21:32:10","guid":{"rendered":"http:\/\/buergerfunk-siwi.de\/?page_id=24"},"modified":"2015-11-20T21:33:58","modified_gmt":"2015-11-20T21:33:58","slug":"25-jahre-buergerfunk","status":"publish","type":"page","link":"https:\/\/buergerfunk-siwi.de\/?page_id=24","title":{"rendered":"25 Jahre B\u00fcrgerfunk"},"content":{"rendered":"<h3><strong><span style=\"font-size: large;\">2015 : \u00a025 Jahre B\u00fcrgerfunk Siegen-Wittgenstein<\/span><\/strong><\/h3>\n<p><span style=\"font-size: large;\">Radio Siegen kann in diesem Jahr auf 25 Jahre Lokalradio zur\u00fcckblicken.\u00a0<\/span><span style=\"font-size: large;\">Gleiches gilt auch f\u00fcr den B\u00fcrgerfunk Siegen-Wittgenstein, der seine\u00a0<\/span><span style=\"font-size: large;\">B\u00fcrgerfunksendungen seit 1990 \u00fcber Radio Siegen ausstrahlt.<\/span><\/p>\n<p><span style=\"font-size: large;\">Nach der Einf\u00fchrung \u00fcber den Lokalfunk bei den Radiotagen in Siegen <\/span><span style=\"font-size: large;\">vom 03. bis zum 6. Mai 1990 im Rathaus Siegen-Geisweid starteten die Radiogruppen ihr lokales Programm mit B\u00fcrgern, Gruppen und Vereinen\u00a0<\/span><span style=\"font-size: large;\">in der Region. Zun\u00e4chst t\u00e4glich von 18 \u2013 19 Uhr.<\/span><\/p>\n<figure id=\"attachment_88\" aria-describedby=\"caption-attachment-88\" style=\"width: 1024px\" class=\"wp-caption alignnone\"><a href=\"http:\/\/buergerfunk-siwi.de\/wp-content\/uploads\/2015\/11\/DSC_0004-1.jpg\"><img loading=\"lazy\" decoding=\"async\" class=\"size-full wp-image-88\" src=\"http:\/\/buergerfunk-siwi.de\/wp-content\/uploads\/2015\/11\/DSC_0004-1.jpg\" alt=\"Zeitzeugnis aus dem Jahre 1990 - Einladung zur Er\u00f6ffnungsveranstaltung\" width=\"1024\" height=\"681\" srcset=\"https:\/\/buergerfunk-siwi.de\/wp-content\/uploads\/2015\/11\/DSC_0004-1.jpg 1024w, https:\/\/buergerfunk-siwi.de\/wp-content\/uploads\/2015\/11\/DSC_0004-1-300x200.jpg 300w\" sizes=\"(max-width: 1024px) 100vw, 1024px\" \/><\/a><figcaption id=\"caption-attachment-88\" class=\"wp-caption-text\">Zeitzeugnis aus dem Jahre 1990 &#8211; Einladung zur Er\u00f6ffnungsveranstaltung<\/figcaption><\/figure>\n<p><span style=\"font-size: large;\">Der Radiof\u00f6rderverein Siegen-Wittgenstein e. V. richtete dann ein B\u00fcrgerfunkstudio im Stift Keppel in Hilchenbach ein und koordinierte\u00a0<\/span><span style=\"font-size: large;\">in der Anfangszeit bis zu 14 regionale B\u00fcrgerfunkradiogruppen.\u00a0<\/span><span style=\"font-size: large;\">Die ehrenamtlich t\u00e4tigen B\u00fcrgerfunker wurden durch das Land NRW\u00a0<\/span><span style=\"font-size: large;\">bei ihren Aufwendungen, z. B. f\u00fcr Technik, Studio- und Programmkosten unterst\u00fctzt. Die F\u00f6rderung wurde aber sp\u00e4ter eingestellt. Heute muss jede B\u00fcrgerfunkgruppe s\u00e4mtliche Kosten selbst tragen. Eine gro\u00dfe Herausforderung\u00a0<\/span><span style=\"font-size: large;\">z.B. bei der Anmietung von R\u00e4umen f\u00fcr ein Studio und technischen Neuanschaffungen.<\/span><\/p>\n<p><span style=\"font-size: large;\">Auch die Sendezeiten wurden ver\u00e4ndert. Zun\u00e4chst t\u00e4glich von 18 Uhr auf\u00a0<\/span><span style=\"font-size: large;\">21 Uhr. Nach erneuter Diskussion wieder t\u00e4glich um 19 Uhr, an Sonn- und Feiertagen um 20 Uhr. Bei dieser Umstellung gab es intensive Diskussionen. <\/span><\/p>\n<p><span style=\"font-size: large;\">Landesweit wurde der B\u00fcrgerfunk unterst\u00fctzt, die Arbeit der ehrenamtlichen\u00a0<\/span><span style=\"font-size: large;\">Radiogruppen anerkannt. <\/span><\/p>\n<p><span style=\"font-size: large;\">Soweit ein wenig Geschichte zum 25 j\u00e4hrigen Geburtstag des B\u00fcrgerfunks.<\/span><\/p>\n<p>&nbsp;<\/p>\n","protected":false},"excerpt":{"rendered":"<p>2015 : \u00a025 Jahre B\u00fcrgerfunk Siegen-Wittgenstein Radio Siegen kann in diesem Jahr auf 25 Jahre Lokalradio zur\u00fcckblicken.\u00a0Gleiches gilt auch f\u00fcr den B\u00fcrgerfunk Siegen-Wittgenstein, der seine\u00a0B\u00fcrgerfunksendungen seit 1990 \u00fcber Radio Siegen ausstrahlt. Nach der Einf\u00fchrung \u00fcber den Lokalfunk bei den Radiotagen in Siegen vom 03. bis zum 6. Mai 1990 im Rathaus Siegen-Geisweid starteten die Radiogruppen &hellip; <a href=\"https:\/\/buergerfunk-siwi.de\/?page_id=24\" class=\"more-link\"><span class=\"screen-reader-text\">25 Jahre B\u00fcrgerfunk<\/span> weiterlesen <span class=\"meta-nav\">&rarr;<\/span><\/a><\/p>\n","protected":false},"author":2,"featured_media":0,"parent":0,"menu_order":0,"comment_status":"closed","ping_status":"closed","template":"","meta":{"footnotes":""},"_links":{"self":[{"href":"https:\/\/buergerfunk-siwi.de\/index.php?rest_route=\/wp\/v2\/pages\/24"}],"collection":[{"href":"https:\/\/buergerfunk-siwi.de\/index.php?rest_route=\/wp\/v2\/pages"}],"about":[{"href":"https:\/\/buergerfunk-siwi.de\/index.php?rest_route=\/wp\/v2\/types\/page"}],"author":[{"embeddable":true,"href":"https:\/\/buergerfunk-siwi.de\/index.php?rest_route=\/wp\/v2\/users\/2"}],"replies":[{"embeddable":true,"href":"https:\/\/buergerfunk-siwi.de\/index.php?rest_route=%2Fwp%2Fv2%2Fcomments&post=24"}],"version-history":[{"count":5,"href":"https:\/\/buergerfunk-siwi.de\/index.php?rest_route=\/wp\/v2\/pages\/24\/revisions"}],"predecessor-version":[{"id":89,"href":"https:\/\/buergerfunk-siwi.de\/index.php?rest_route=\/wp\/v2\/pages\/24\/revisions\/89"}],"wp:attachment":[{"href":"https:\/\/buergerfunk-siwi.de\/index.php?rest_route=%2Fwp%2Fv2%2Fmedia&parent=24"}],"curies":[{"name":"wp","href":"https:\/\/api.w.org\/{rel}","templated":true}]}}